{"id":638,"date":"2018-12-28T15:17:54","date_gmt":"2018-12-28T15:17:54","guid":{"rendered":"https:\/\/www.vitacress.pt\/quem-somos\/"},"modified":"2022-10-28T16:41:27","modified_gmt":"2022-10-28T16:41:27","slug":"quem-somos","status":"publish","type":"page","link":"https:\/\/www.vitacress.pt\/es\/vitacress\/quem-somos\/","title":{"rendered":"Quienes Somos"},"content":{"rendered":"<p>[vc_row][vc_column][vc_column_text]<\/p>\n<h1 style=\"text-align: center;\"><span style=\"color: #80af45;\">qui\u00e9nes somos<\/span><\/h1>\n<h2 style=\"text-align: center;\"><strong><span style=\"color: #333333;\"><b>\u00a0<span style=\"color: #333333;\">Un sabor que comienza en el origen.<\/span><\/b><\/span><\/strong><\/h2>\n<h3 style=\"text-align: center;\"><span style=\"color: #333333;\">F<b>rescura, sabor y salud: son los valores que nos inspiran.<\/b><\/span><\/h3>\n<p>[\/vc_column_text][\/vc_column][\/vc_row][vc_row type=\u00bbvc_default\u00bb gap=\u00bb30&#8243; css=\u00bb.vc_custom_1545318412633{margin-top: 30px !important;margin-bottom: 30px !important;}\u00bb][vc_column width=\u00bb1\/2&#8243;][vc_column_text]Especializados en hojas baby y productos como el berro, las lechugas y las hierbas arom\u00e1ticas, somos uno de los l\u00edderes europeos en el suministro de productos agr\u00edcolas frescos, lavados y preparados para consumir. Nacimos en 1951 en Hampshire, y en 2008 nos incorporamos al Grupo RAR, una empresa cien por cien portuguesa.<\/p>\n<p>Nuestras fincas est\u00e1n distribuidas entre Portugal, el Reino Unido y Espa\u00f1a, donde producimos todas las hojas baby, y ya contamos con una amplia red de proveedores que nos permiten satisfacer las necesidades del mercado en cualquier \u00e9poca y estaci\u00f3n del a\u00f1o con productos frescos, sabrosos y saludables.[\/vc_column_text][\/vc_column][vc_column width=\u00bb1\/2&#8243;][vc_column_text]En Portugal lideramos el mercado con nuestra marca Vitacress, estando presentes en pr\u00e1cticamente todos los puntos de venta. Contamos con un amplio abanico de clientes en el Reino Unido, principalmente con la marca propia de las cadenas de supermercados y la marca Steve&#8217;s Leaves, y tambi\u00e9n operamos en Espa\u00f1a, Holanda, B\u00e9lgica y Alemania, con los productos que exportamos.[\/vc_column_text][\/vc_column][\/vc_row][vc_row type=\u00bbvc_default\u00bb gap=\u00bb15&#8243; equal_height=\u00bbyes\u00bb][vc_column width=\u00bb1\/2&#8243;][vc_single_image image=\u00bb248&#8243; alignment=\u00bbcenter\u00bb image_hovers=\u00bbfalse\u00bb css=\u00bb.vc_custom_1545420285568{margin-bottom: 5px !important;}\u00bb][vc_column_text css=\u00bb.vc_custom_1554208072361{margin-bottom: 50px !important;}\u00bb]<\/p>\n<h4 style=\"text-align: center;\"><b><span lang=\"PT\">Somos <\/span><\/b><b>un equipo <\/b><b>con un objetivo<\/b><\/h4>\n<p style=\"text-align: center;\">Somos conscientes de nuestro papel en la organizaci\u00f3n. Sabemos escuchar, apoyar y desafiar de manera constructiva, siempre celebrando nuestros \u00e9xitos.<\/p>\n<p>[\/vc_column_text][\/vc_column][vc_column width=\u00bb1\/2&#8243;][vc_single_image image=\u00bb6220&#8243; alignment=\u00bbcenter\u00bb image_hovers=\u00bbfalse\u00bb css=\u00bb.vc_custom_1564514067980{margin-bottom: 30px !important;}\u00bb][vc_column_text]<\/p>\n<h4><\/h4>\n<h4 style=\"text-align: center;\"><b><span lang=\"PT\">Somos <\/span><\/b><b><span lang=\"PT\">Pioneros<\/span><\/b><\/h4>\n<p style=\"text-align: center;\">Innovamos constantemente en todas las actividades que desarrollamos.<\/p>\n<p>[\/vc_column_text][\/vc_column][\/vc_row][vc_row type=\u00bbvc_default\u00bb gap=\u00bb15&#8243; equal_height=\u00bbyes\u00bb css=\u00bb.vc_custom_1545409817117{margin-bottom: 40px !important;}\u00bb][vc_column width=\u00bb1\/2&#8243;][vc_single_image image=\u00bb249&#8243; alignment=\u00bbcenter\u00bb image_hovers=\u00bbfalse\u00bb css=\u00bb.vc_custom_1545410050279{margin-bottom: 10px !important;}\u00bb][vc_column_text css=\u00bb.vc_custom_1545301969482{margin-bottom: 80px !important;}\u00bb]<\/p>\n<h4 style=\"text-align: center;\"><strong>Somos R<b>esponsables<\/b><\/strong><\/h4>\n<p style=\"text-align: center;\">Decidimos en funci\u00f3n de un crecimiento sostenible y estamos decididos a mejorar lo que recibimos.<\/p>\n<p>[\/vc_column_text][\/vc_column][vc_column width=\u00bb1\/2&#8243;][vc_single_image image=\u00bb247&#8243; alignment=\u00bbcenter\u00bb image_hovers=\u00bbfalse\u00bb css=\u00bb.vc_custom_1545420256811{margin-bottom: 30px !important;}\u00bb][vc_column_text]<\/p>\n<h4><\/h4>\n<h4 style=\"text-align: center;\"><strong>Somos de C<b>onfianza<\/b><\/strong><\/h4>\n<p style=\"text-align: center;\">Respondemos de nuestras acciones, cumplimos nuestras promesas.<\/p>\n<p>[\/vc_column_text][\/vc_column][\/vc_row][vc_row type=\u00bbvc_default\u00bb css=\u00bb.vc_custom_1545318380442{margin-bottom: 50px !important;}\u00bb][vc_column][vc_column_text]<\/p>\n<h1 style=\"text-align: center;\"><span style=\"color: #80af45;\">Nuestra historia<\/span><\/h1>\n<h2 style=\"text-align: center;\"><span style=\"color: #333333;\"><strong><b>\u00a0Venimos escribiendo nuestra historia desde hace 68 a\u00f1os<\/b><\/strong><\/span><\/h2>\n<p>[\/vc_column_text][vc_column_text]<\/p>\n<h5><span style=\"color: #333333;\">Dimos los primeros pasos con un humilde campo de producci\u00f3n de berros, y nos convertimos en una empresa internacional, que actualmente emplea a 1.500 personas y gestiona unas 720 hect\u00e1reas de campos de cultivo e invernaderos. Algunos de los momentos m\u00e1s importantes de nuestra historia fueron:<\/span><\/h5>\n<p>[\/vc_column_text][\/vc_column][\/vc_row][vc_row type=\u00bbvc_default\u00bb css=\u00bb.vc_custom_1545323213569{margin-bottom: 20px !important;}\u00bb][vc_column]<style type=\"text\/css\" data-type=\"the7_shortcodes-inline-css\">.carousel-shortcode.carousel-shortcode-id-5b002952a3262cb6365796a86c1e7cca .owl-nav a {\n  width: 36px;\n  height: 36px;\n  border-radius: 500px;\n}\n.dt-arrow-border-on.carousel-shortcode.carousel-shortcode-id-5b002952a3262cb6365796a86c1e7cca .owl-nav a:not(:hover):before {\n  border-width: 0px;\n}\n.dt-arrow-hover-border-on.carousel-shortcode.carousel-shortcode-id-5b002952a3262cb6365796a86c1e7cca .owl-nav a:hover:after {\n  border-width: 0px;\n}\n.carousel-shortcode.carousel-shortcode-id-5b002952a3262cb6365796a86c1e7cca .owl-nav a.owl-prev {\n  top: 50%;\n  transform: translateY(calc(-50% + 0px));\n  left: -43px;\n}\n@media all and (-ms-high-contrast: none) {\n  .carousel-shortcode.carousel-shortcode-id-5b002952a3262cb6365796a86c1e7cca .owl-nav a.owl-prev {\n    transform: translateY(-50%);\n    margin-top: 0px;\n  }\n}\n.carousel-shortcode.carousel-shortcode-id-5b002952a3262cb6365796a86c1e7cca .owl-nav a.owl-prev i {\n  padding: 0px 0px 0px 0px;\n}\n.carousel-shortcode.carousel-shortcode-id-5b002952a3262cb6365796a86c1e7cca .owl-nav a.owl-next {\n  top: 50%;\n  transform: translateY(calc(-50% + 0px));\n  right: -43px;\n}\n@media all and (-ms-high-contrast: none) {\n  .carousel-shortcode.carousel-shortcode-id-5b002952a3262cb6365796a86c1e7cca .owl-nav a.owl-next {\n    transform: translateY(-50%);\n    margin-top: 0px;\n  }\n}\n.carousel-shortcode.carousel-shortcode-id-5b002952a3262cb6365796a86c1e7cca .owl-nav a.owl-next i {\n  padding: 0px 0px 0px 0px;\n}\n.carousel-shortcode.carousel-shortcode-id-5b002952a3262cb6365796a86c1e7cca .owl-nav i {\n  font-size: 18px;\n}\n.carousel-shortcode.carousel-shortcode-id-5b002952a3262cb6365796a86c1e7cca .owl-nav a:not(:hover) i,\n.carousel-shortcode.carousel-shortcode-id-5b002952a3262cb6365796a86c1e7cca .owl-nav a:not(:hover) i:before {\n  color: #ffffff;\n  background: none;\n}\n.carousel-shortcode.carousel-shortcode-id-5b002952a3262cb6365796a86c1e7cca .owl-nav a:hover i,\n.carousel-shortcode.carousel-shortcode-id-5b002952a3262cb6365796a86c1e7cca .owl-nav a:hover i:before {\n  color: rgba(255,255,255,0.75);\n  background: none;\n}\n.carousel-shortcode.carousel-shortcode-id-5b002952a3262cb6365796a86c1e7cca .owl-dots {\n  top: calc(100% + 20px);\n  left: 50%;\n  transform: translateX(calc(-50% + 0px));\n}\n@media all and (-ms-high-contrast: none) {\n  .carousel-shortcode.carousel-shortcode-id-5b002952a3262cb6365796a86c1e7cca .owl-dots {\n    transform: translateX(-50%);\n    margin-left: 0px;\n  }\n}\n.carousel-shortcode.carousel-shortcode-id-5b002952a3262cb6365796a86c1e7cca .owl-dot {\n  width: 20px;\n  height: 20px;\n  margin: 0 5px;\n}\n.bullets-scale-up.carousel-shortcode.carousel-shortcode-id-5b002952a3262cb6365796a86c1e7cca .owl-dot:not(.active):not(:hover) span {\n  background: #ededed;\n}\n.bullets-scale-up.carousel-shortcode.carousel-shortcode-id-5b002952a3262cb6365796a86c1e7cca .owl-dot:not(.active):hover span,\n.bullets-scale-up.carousel-shortcode.carousel-shortcode-id-5b002952a3262cb6365796a86c1e7cca .owl-dot.active span {\n  background: #80af45;\n}\n.bullets-stroke.carousel-shortcode.carousel-shortcode-id-5b002952a3262cb6365796a86c1e7cca .owl-dot:not(.active):not(:hover) span {\n  background: #ededed;\n}\n.bullets-stroke.carousel-shortcode.carousel-shortcode-id-5b002952a3262cb6365796a86c1e7cca .owl-dot:not(.active):hover span {\n  background: #80af45;\n}\n.bullets-stroke.carousel-shortcode.carousel-shortcode-id-5b002952a3262cb6365796a86c1e7cca .owl-dot.active span {\n  -webkit-box-shadow: 0 0 0 2px #80af45;\n  box-shadow: 0 0 0 2px #80af45;\n}\n.bullets-fill-in.carousel-shortcode.carousel-shortcode-id-5b002952a3262cb6365796a86c1e7cca .owl-dot:not(.active):not(:hover) span {\n  -webkit-box-shadow: inset 0 0 0 2px #ededed;\n  box-shadow: inset 0 0 0 2px #ededed;\n}\n.bullets-fill-in.carousel-shortcode.carousel-shortcode-id-5b002952a3262cb6365796a86c1e7cca .owl-dot:not(.active):hover span {\n  -webkit-box-shadow: inset 0 0 0 2px #80af45;\n  box-shadow: inset 0 0 0 2px #80af45;\n}\n.bullets-fill-in.carousel-shortcode.carousel-shortcode-id-5b002952a3262cb6365796a86c1e7cca .owl-dot.active span {\n  -webkit-box-shadow: inset 0 0 0 20px #80af45;\n  box-shadow: inset 0 0 0 20px #80af45;\n}\n.bullets-small-dot-stroke.carousel-shortcode.carousel-shortcode-id-5b002952a3262cb6365796a86c1e7cca .owl-dot:not(.active):not(:hover) span {\n  background: #ededed;\n}\n.bullets-small-dot-stroke.carousel-shortcode.carousel-shortcode-id-5b002952a3262cb6365796a86c1e7cca .owl-dot:not(.active):hover span,\n.bullets-small-dot-stroke.carousel-shortcode.carousel-shortcode-id-5b002952a3262cb6365796a86c1e7cca .owl-dot.active span {\n  background: #80af45;\n}\n.bullets-small-dot-stroke.carousel-shortcode.carousel-shortcode-id-5b002952a3262cb6365796a86c1e7cca .owl-dot.active {\n  -webkit-box-shadow: 0 0 0 2px #80af45;\n  box-shadow: 0 0 0 2px #80af45;\n}\n.bullets-ubax.carousel-shortcode.carousel-shortcode-id-5b002952a3262cb6365796a86c1e7cca .owl-dot span {\n  background: #ededed;\n}\n.bullets-ubax.carousel-shortcode.carousel-shortcode-id-5b002952a3262cb6365796a86c1e7cca .owl-dot.active span {\n  border-color: #80af45;\n}\n.bullets-ubax.carousel-shortcode.carousel-shortcode-id-5b002952a3262cb6365796a86c1e7cca .owl-dot:not(.active):hover span {\n  background: #80af45;\n}\n.bullets-etefu.carousel-shortcode.carousel-shortcode-id-5b002952a3262cb6365796a86c1e7cca .owl-dot span {\n  background: #ededed;\n}\n.bullets-etefu.carousel-shortcode.carousel-shortcode-id-5b002952a3262cb6365796a86c1e7cca .owl-dot:not(.active):hover span {\n  background: #80af45;\n}\n.bullets-etefu.carousel-shortcode.carousel-shortcode-id-5b002952a3262cb6365796a86c1e7cca .owl-dot span:before {\n  background: #80af45;\n}\n.accent-gradient .bullets-etefu.carousel-shortcode.carousel-shortcode-id-5b002952a3262cb6365796a86c1e7cca .owl-dot span:before {\n  background: #80af45;\n}\n@media screen and (max-width: 778px) {\n  .carousel-shortcode.carousel-shortcode-id-5b002952a3262cb6365796a86c1e7cca.hide-arrows .owl-nav a {\n    display: none;\n  }\n}\n@media screen and (max-width: 778px) {\n  .carousel-shortcode.carousel-shortcode-id-5b002952a3262cb6365796a86c1e7cca.reposition-arrows .owl-nav .owl-prev {\n    top: 50%;\n    transform: translateY(calc(-50% + 0px));\n    left: 10px;\n  }\n  .carousel-shortcode.carousel-shortcode-id-5b002952a3262cb6365796a86c1e7cca.reposition-arrows .owl-nav .owl-next {\n    top: 50%;\n    transform: translateY(calc(-50% + 0px));\n    right: 10px;\n  }\n}\n@media screen and (max-width: 778px) and all and (-ms-high-contrast: none) {\n  .carousel-shortcode.carousel-shortcode-id-5b002952a3262cb6365796a86c1e7cca.reposition-arrows .owl-nav .owl-prev {\n    transform: translateY(-50%);\n    margin-top: 0px;\n  }\n}\n@media screen and (max-width: 778px) and all and (-ms-high-contrast: none) {\n  .carousel-shortcode.carousel-shortcode-id-5b002952a3262cb6365796a86c1e7cca.reposition-arrows .owl-nav .owl-next {\n    transform: translateY(-50%);\n    margin-top: 0px;\n  }\n}\n<\/style><div class=\"owl-carousel carousel-shortcode dt-owl-carousel-call carousel-shortcode-id-5b002952a3262cb6365796a86c1e7cca bullets-small-dot-stroke reposition-arrows arrows-bg-on dt-arrow-border-on dt-arrow-hover-border-on disable-arrows-hover-bg arrows-hover-bg-on  \" data-scroll-mode=\"1\" data-col-num=\"1\" data-wide-col-num=\"1\" data-laptop-col=\"1\" data-h-tablet-columns-num=\"1\" data-v-tablet-columns-num=\"1\" data-phone-columns-num=\"1\" data-auto-height=\"true\" data-col-gap=\"30\" data-speed=\"3000\" data-autoplay=\"true\" data-autoplay_speed=\"5000\" data-arrows=\"false\" data-bullet=\"true\" data-next-icon=\"icon-ar-017-r\" data-prev-icon=\"icon-ar-017-l\">[vc_row_inner equal_height=\u00bbyes\u00bb content_placement=\u00bbmiddle\u00bb gap=\u00bb15&#8243;][vc_column_inner width=\u00bb1\/2&#8243;][vc_single_image image=\u00bb881&#8243; img_size=\u00bb400&#215;400&#8243; alignment=\u00bbcenter\u00bb image_hovers=\u00bbfalse\u00bb][\/vc_column_inner][vc_column_inner width=\u00bb1\/2&#8243;][vc_column_text]<\/p>\n<h2><strong>De 1950 a 1960<\/strong><\/h2>\n<p><strong>En 1951<\/strong>, Malcolm Isaac, a partir de una plantaci\u00f3n de 0,4 hect\u00e1reas de berros en el Sur de Inglaterra \u2013 Hampshire \u2013 lanz\u00f3 las bases de lo que actualmente es uno de los principales productores, envasadores y distribuidores europeos de ensaladas con hojas baby lavadas y preparadas para consumir \u2013 Vitacress. El nombre de la marca surge como referencia al berro, que en ingl\u00e9s es \u201cWatercress\u201d.[\/vc_column_text][\/vc_column_inner][\/vc_row_inner][vc_row_inner equal_height=\u00bbyes\u00bb content_placement=\u00bbmiddle\u00bb gap=\u00bb15&#8243;][vc_column_inner width=\u00bb1\/2&#8243;][vc_single_image image=\u00bb885&#8243; img_size=\u00bb400&#215;400&#8243; alignment=\u00bbcenter\u00bb image_hovers=\u00bbfalse\u00bb][\/vc_column_inner][vc_column_inner width=\u00bb1\/2&#8243;][vc_column_text]<\/p>\n<h2><strong>De 1960 a 1980<\/strong><\/h2>\n<p><strong>En 1964<\/strong> introducimos la cadena de fr\u00edo en la distribuci\u00f3n de berros (desde la producci\u00f3n hasta los mercados locales en Inglaterra).<\/p>\n<p><strong>En 1967<\/strong> iniciamos el suministro de berro envasado a los puntos de venta.<\/p>\n<p><strong>En 1976<\/strong> iniciamos el suministro de berros lavados, envasados y preparados para consumir (IV gama) en el mercado ingl\u00e9s.[\/vc_column_text][\/vc_column_inner][\/vc_row_inner][vc_row_inner equal_height=\u00bbyes\u00bb content_placement=\u00bbmiddle\u00bb gap=\u00bb15&#8243;][vc_column_inner width=\u00bb1\/2&#8243;][vc_single_image image=\u00bb878&#8243; img_size=\u00bb400&#215;400&#8243; alignment=\u00bbcenter\u00bb image_hovers=\u00bbfalse\u00bb][\/vc_column_inner][vc_column_inner width=\u00bb1\/2&#8243;][vc_column_text]<\/p>\n<h2><strong>De 1980 a 1990<\/strong><\/h2>\n<p><b>En 1981 <\/b>comenzamos a producir en Portugal, invirtiendo en una finca de 90 hect\u00e1reas de berros en Almancil, Algarve, donde encontramos las condiciones de producci\u00f3n (suelo, temperatura, horas de sol, etc.) ideales para resolver la ineficacia de producci\u00f3n en Inglaterra durante el invierno.<\/p>\n<p><strong>En 1986<\/strong> realizamos la primera gran inversi\u00f3n con la construcci\u00f3n de una unidad de lavado y envasado de ensaladas en Inglaterra (St Mary Bourne Salad Facility). Creamos Iberian Salads Agricultura Lda., en Odemira, Portugal, que pas\u00f3 a ser un importante productor de berros, r\u00facola salvaje, espinaca y otras variedades de hojas baby.<\/p>\n<p><strong>En 1988<\/strong> iniciamos la producci\u00f3n de hojas baby en Portugal.<\/p>\n<p><strong>En 1989<\/strong> \u00a0Van Heyningen Brothers fue pionero en la producci\u00f3n de hierbas arom\u00e1ticas en el Reino Unido.[\/vc_column_text][\/vc_column_inner][\/vc_row_inner][vc_row_inner equal_height=\u00bbyes\u00bb content_placement=\u00bbmiddle\u00bb gap=\u00bb15&#8243;][vc_column_inner width=\u00bb1\/2&#8243;][vc_single_image image=\u00bb898&#8243; img_size=\u00bb400&#215;400&#8243; alignment=\u00bbcenter\u00bb image_hovers=\u00bbfalse\u00bb][\/vc_column_inner][vc_column_inner width=\u00bb1\/2&#8243;][vc_column_text]<\/p>\n<h2><strong>De 1990 a 2000<\/strong><\/h2>\n<p><strong>En 1994<\/strong> iniciamos el envasado de patata temprana en Quinta dos Cativos, Odemira, Portugal. Ese a\u00f1o tambi\u00e9n estuvo marcado por la <i>joint venture <\/i>en el continente africano (Kenia), que permiti\u00f3 extender las superficies de producci\u00f3n a Inglaterra.<\/p>\n<p><strong>En 1999<\/strong> construimos las primeras c\u00e1maras frigor\u00edficas para el almacenamiento de la patata temprana.[\/vc_column_text][\/vc_column_inner][\/vc_row_inner][vc_row_inner equal_height=\u00bbyes\u00bb content_placement=\u00bbmiddle\u00bb gap=\u00bb15&#8243;][vc_column_inner width=\u00bb1\/2&#8243;][vc_single_image image=\u00bb892&#8243; img_size=\u00bb400&#215;400&#8243; alignment=\u00bbcenter\u00bb image_hovers=\u00bbfalse\u00bb][\/vc_column_inner][vc_column_inner width=\u00bb1\/2&#8243;][vc_column_text]<\/p>\n<h2><strong>De 2000 a 2008<\/strong><\/h2>\n<p><strong>En 2001<\/strong> construimos una nueva unidad de lavado y envasado de patata en Odemira, Portugal. Ese a\u00f1o tambi\u00e9n iniciamos la producci\u00f3n de patata temprana en el Sur de Espa\u00f1a.<\/p>\n<p><strong>En 2002<\/strong> construimos una nueva unidad de lavado y envasado de lechugas en Odemira, Portugal. Ese a\u00f1o tambi\u00e9n iniciamos la producci\u00f3n de biol\u00f3gicos en Portugal.<\/p>\n<p><strong>En 2003<\/strong> lanzamos la marca Vitacress en Portugal, con la comercializaci\u00f3n de productos lavados y preparados para consumir (IV gama).<\/p>\n<p><strong>En 2005<\/strong> creamos Vitacress en Espa\u00f1a.<\/p>\n<p><strong>En 2008<\/strong> Vitacress fue adquirida por el Grupo RAR. Marcamos nuestra presencia en el Reino Unido, Portugal y Espa\u00f1a, explotando aproximadamente 750 hect\u00e1reas de terrenos agr\u00edcolas.[\/vc_column_text][\/vc_column_inner][\/vc_row_inner][vc_row_inner content_placement=\u00bbmiddle\u00bb gap=\u00bb15&#8243;][vc_column_inner width=\u00bb1\/2&#8243;][vc_single_image image=\u00bb902&#8243; img_size=\u00bb400&#215;400&#8243; alignment=\u00bbcenter\u00bb image_hovers=\u00bbfalse\u00bb][\/vc_column_inner][vc_column_inner width=\u00bb1\/2&#8243;][vc_column_text]<\/p>\n<h2>Desde 2008<\/h2>\n<p><b>En 2010 <\/b>Van Heyningen Brothers se incorpor\u00f3 a Vitacress. Ese a\u00f1o tambi\u00e9n lanzamos Steve&#8217;s Leaves en el Reino Unido.<\/p>\n<p><strong>En \u00a02011<\/strong> creamos Vitacress Real en Holanda.<\/p>\n<p><strong>En 2015<\/strong> desarrollamos nuevas instalaciones para la producci\u00f3n de hierbas arom\u00e1ticas vivas, en invernadero, en Chichester.<\/p>\n<p><strong>En 2017 y 2018<\/strong> fuimos distinguimos como una de las 100 mejores empresas para trabajar en Portugal por la Revista EXAME.[\/vc_column_text][\/vc_column_inner][\/vc_row_inner]<\/div>[\/vc_column][\/vc_row]<\/p>\n","protected":false},"excerpt":{"rendered":"<p>[vc_row][vc_column][vc_column_text] qui\u00e9nes somos \u00a0Un sabor que comienza en el origen. Frescura, sabor y salud: son los valores que nos inspiran. [\/vc_column_text][\/vc_column][\/vc_row][vc_row type=\u00bbvc_default\u00bb gap=\u00bb30&#8243; css=\u00bb.vc_custom_1545318412633{margin-top: 30px !important;margin-bottom: 30px !important;}\u00bb][vc_column width=\u00bb1\/2&#8243;][vc_column_text]Especializados en hojas baby y productos como el berro, las lechugas y las hierbas arom\u00e1ticas, somos uno de los l\u00edderes europeos en el suministro de productos agr\u00edcolas&hellip;<\/p>\n","protected":false},"author":2,"featured_media":0,"parent":644,"menu_order":0,"comment_status":"closed","ping_status":"closed","template":"","meta":{"_acf_changed":false},"acf":[],"_links":{"self":[{"href":"https:\/\/www.vitacress.pt\/es\/wp-json\/wp\/v2\/pages\/638"}],"collection":[{"href":"https:\/\/www.vitacress.pt\/es\/wp-json\/wp\/v2\/pages"}],"about":[{"href":"https:\/\/www.vitacress.pt\/es\/wp-json\/wp\/v2\/types\/page"}],"author":[{"embeddable":true,"href":"https:\/\/www.vitacress.pt\/es\/wp-json\/wp\/v2\/users\/2"}],"replies":[{"embeddable":true,"href":"https:\/\/www.vitacress.pt\/es\/wp-json\/wp\/v2\/comments?post=638"}],"version-history":[{"count":17,"href":"https:\/\/www.vitacress.pt\/es\/wp-json\/wp\/v2\/pages\/638\/revisions"}],"predecessor-version":[{"id":14800,"href":"https:\/\/www.vitacress.pt\/es\/wp-json\/wp\/v2\/pages\/638\/revisions\/14800"}],"up":[{"embeddable":true,"href":"https:\/\/www.vitacress.pt\/es\/wp-json\/wp\/v2\/pages\/644"}],"wp:attachment":[{"href":"https:\/\/www.vitacress.pt\/es\/wp-json\/wp\/v2\/media?parent=638"}],"curies":[{"name":"wp","href":"https:\/\/api.w.org\/{rel}","templated":true}]}}